{"id":74,"date":"2019-02-02T11:17:43","date_gmt":"2019-02-02T10:17:43","guid":{"rendered":"http:\/\/komplast.pl\/?page_id=74"},"modified":"2026-05-20T14:42:08","modified_gmt":"2026-05-20T13:42:08","slug":"raczki-do-teczek","status":"publish","type":"page","link":"https:\/\/komplast.pl\/index.php\/oferta\/raczki-do-teczek\/","title":{"rendered":"R\u0105czki do teczek"},"content":{"rendered":"\n  <input type=\"radio\" name=\"slides\" id=\"off\" checked>\n\t\t<input type=\"radio\" name=\"slides\" id=\"xl1\">\n    \t<input type=\"radio\" name=\"slides\" id=\"xl2\">\n    \t<input type=\"radio\" name=\"slides\" id=\"xl3\">\n    \t<input type=\"radio\" name=\"slides\" id=\"xl4\">\n    \t<input type=\"radio\" name=\"slides\" id=\"xl5\">\n    \n\t<script>\n\t\n\/\/ \tdocument.querySelectorAll('input[name=\"slides\"]').forEach(radio => {\n\/\/ \t\tradio.addEventListener('change', () => {\n\/\/ \t\t\tif (radio.id !== 'off') {\n\/\/ \t\t\t\thistory.pushState({ lb: true }, '');\n\/\/ \t\t\t}\n\/\/ \t\t});\n\/\/ \t});\n\t\t\n\twindow.addEventListener('popstate', e => {\n\t\tif (e.state && e.state.lb) {\n\t\t\tdocument.getElementById('off').checked = true;\n\t\t}\n\t});\n\t\t\n\tdocument.addEventListener('keydown', e => {\n\t\tif (e.key === 'Escape') {\n\t\t\tdocument.getElementById('off').checked = true;\n\t\t}\n\t});\n\t<\/script>\n\n\t<div class=\"liteBox\">\n\t  <div class=\"liteTop\">\n\t\t <div class=\"screenBox\" >\n\t\t\t<div class=\"liteScreen\"><\/div>\n\t\t <\/div>\n\t\t <label class=\"liteX\" for=\"off\" title=\"Zamknij galeri\u0119\" aria-label=\"Przycisk: Wy\u0142\u0105cz galeri\u0119\"><\/label>\n\t  <\/div>\n\t  <p class=\"liteCaption\"><\/p>\n\t  \t  <div class=\"liteNav\">\n\t\t<div class=\"liteArrow litePrev\">\n\t\t  \t\t  \t<label for=\"xl5\" title=\"Poprzednie zdj\u0119cie\" aria-label=\"Przycisk: Nast\u0119pne zdj\u0119cie\"><\/label>\n\t\t  \t\t  \t<label for=\"xl1\" title=\"Poprzednie zdj\u0119cie\" aria-label=\"Przycisk: Nast\u0119pne zdj\u0119cie\"><\/label>\n\t\t  \t\t  \t<label for=\"xl2\" title=\"Poprzednie zdj\u0119cie\" aria-label=\"Przycisk: Nast\u0119pne zdj\u0119cie\"><\/label>\n\t\t  \t\t  \t<label for=\"xl3\" title=\"Poprzednie zdj\u0119cie\" aria-label=\"Przycisk: Nast\u0119pne zdj\u0119cie\"><\/label>\n\t\t  \t\t  \t<label for=\"xl4\" title=\"Poprzednie zdj\u0119cie\" aria-label=\"Przycisk: Nast\u0119pne zdj\u0119cie\"><\/label>\n\t\t  \t\t  <div class=\"arrowIcon\"><\/div>\n\t\t<\/div>\n\t\t<div class=\"liteArrow liteNext\">\n\t\t  \t\t  \t<label for=\"xl2\" title=\"Nast\u0119pne zdj\u0119cie\" aria-label=\"Przycisk: Nast\u0119pne zdj\u0119cie\"><\/label>\n\t\t  \t\t  \t<label for=\"xl3\" title=\"Nast\u0119pne zdj\u0119cie\" aria-label=\"Przycisk: Nast\u0119pne zdj\u0119cie\"><\/label>\n\t\t  \t\t  \t<label for=\"xl4\" title=\"Nast\u0119pne zdj\u0119cie\" aria-label=\"Przycisk: Nast\u0119pne zdj\u0119cie\"><\/label>\n\t\t  \t\t  \t<label for=\"xl5\" title=\"Nast\u0119pne zdj\u0119cie\" aria-label=\"Przycisk: Nast\u0119pne zdj\u0119cie\"><\/label>\n\t\t  \t\t  \t<label for=\"xl1\" title=\"Nast\u0119pne zdj\u0119cie\" aria-label=\"Przycisk: Nast\u0119pne zdj\u0119cie\"><\/label>\n\t\t  \t\t  <div class=\"arrowIcon\"><\/div>\n\t\t<\/div>\n\t  <\/div>\n\t  \t<\/div>\n\n\t<style>\n\n\t\t\t\t#xl1:checked ~ .liteBox :is(.litePrev, .liteNext) label:nth-of-type(1) {\n\t\t\tdisplay: block;\n\t\t\tpointer-events: all;\n\t\t}\n\t\t\t\t#xl2:checked ~ .liteBox :is(.litePrev, .liteNext) label:nth-of-type(2) {\n\t\t\tdisplay: block;\n\t\t\tpointer-events: all;\n\t\t}\n\t\t\t\t#xl3:checked ~ .liteBox :is(.litePrev, .liteNext) label:nth-of-type(3) {\n\t\t\tdisplay: block;\n\t\t\tpointer-events: all;\n\t\t}\n\t\t\t\t#xl4:checked ~ .liteBox :is(.litePrev, .liteNext) label:nth-of-type(4) {\n\t\t\tdisplay: block;\n\t\t\tpointer-events: all;\n\t\t}\n\t\t\t\t#xl5:checked ~ .liteBox :is(.litePrev, .liteNext) label:nth-of-type(5) {\n\t\t\tdisplay: block;\n\t\t\tpointer-events: all;\n\t\t}\n\t\t\n\t\t\t\t#xl1:checked ~ .liteBox .liteScreen {\n\t\t\n\t\tbackground-image: url(https:\/\/komplast.pl\/wp-content\/uploads\/2019\/11\/9dXL-1024x684.jpg);background-image: url(https:\/\/komplast.pl\/wp-content\/uploads\/2019\/11\/9dXL.webp);}\t\t#xl2:checked ~ .liteBox .liteScreen {\n\t\t\n\t\tbackground-image: url(https:\/\/komplast.pl\/wp-content\/uploads\/2025\/06\/9fXL-1024x680.webp);}\t\t#xl3:checked ~ .liteBox .liteScreen {\n\t\t\n\t\tbackground-image: url(https:\/\/komplast.pl\/wp-content\/uploads\/2019\/08\/9bXL-1024x684.jpg);background-image: url(https:\/\/komplast.pl\/wp-content\/uploads\/2019\/10\/9bXL.webp);}\t\t#xl4:checked ~ .liteBox .liteScreen {\n\t\t\n\t\tbackground-image: url(https:\/\/komplast.pl\/wp-content\/uploads\/2022\/03\/9hXL.webp);}\t\t#xl5:checked ~ .liteBox .liteScreen {\n\t\t\n\t\tbackground-image: url(https:\/\/komplast.pl\/wp-content\/uploads\/2019\/08\/9dXL-1024x684.jpg);background-image: url(https:\/\/komplast.pl\/wp-content\/uploads\/2019\/10\/9dXL.webp);}\n\t\t\n\t\t@container screenBox (width < 630px) { \/* load smallest *\/\n\t\t\t\t\t\t#xl1:checked ~ .liteBox .liteScreen {\n\n\t\t\tbackground-image: url(https:\/\/komplast.pl\/wp-content\/uploads\/2019\/11\/9d-Raczka-plastikowa-PROSTA.jpg);background-image: url(https:\/\/komplast.pl\/wp-content\/uploads\/2019\/11\/9d-Raczka-plastikowa-PROSTA.webp);}\t\t\t#xl2:checked ~ .liteBox .liteScreen {\n\n\t\t\tbackground-image: url(https:\/\/komplast.pl\/wp-content\/uploads\/2025\/06\/9f-raczka-prosta-rozstaw.webp);}\t\t\t#xl3:checked ~ .liteBox .liteScreen {\n\n\t\t\tbackground-image: url(https:\/\/komplast.pl\/wp-content\/uploads\/2019\/06\/9b-Raczka-plastikowa-LUKOWA.jpg);background-image: url(https:\/\/komplast.pl\/wp-content\/uploads\/2019\/10\/9b-Raczka-plastikowa-LUKOWA.webp);}\t\t\t#xl4:checked ~ .liteBox .liteScreen {\n\n\t\t\tbackground-image: url(https:\/\/komplast.pl\/wp-content\/uploads\/2022\/03\/9h-raczka-luk-rozstaw.webp);}\t\t\t#xl5:checked ~ .liteBox .liteScreen {\n\n\t\t\tbackground-image: url(https:\/\/komplast.pl\/wp-content\/uploads\/2019\/06\/9d-Ramka-plastikowa-do-tektury.jpg);background-image: url(https:\/\/komplast.pl\/wp-content\/uploads\/2019\/10\/9d-Ramka-plastikowa-do-tektury.webp);}\t\t}\n\t\t\n\t\t\t\t\t\t\t#xl1:checked ~ .liteBox .liteCaption:before { content: 'R\u0105czka prosta'; }\t\n\t\t\t\t\t\t\t#xl2:checked ~ .liteBox .liteCaption:before { content: 'R\u0105czka prosta'; }\t\n\t\t\t\t\t\t\t#xl3:checked ~ .liteBox .liteCaption:before { content: 'R\u0105czka \u0142ukowa'; }\t\n\t\t\t\t\t\t\t#xl4:checked ~ .liteBox .liteCaption:before { content: 'R\u0105czka \u0142ukowa'; }\t\n\t\t\t\t\t\t\t#xl5:checked ~ .liteBox .liteCaption:before { content: 'Ramki do r\u0105czek'; }\t\n\t\t\t\t\t.screenBox { aspect-ratio: 3\/2; }\n\t\t\n\t<\/style>\n\n    \r\n\r\n\r\n<div itemscope itemtype=\"http:\/\/schema.org\/Product\">\r\n\r\n<h1 class=\"centered\" itemprop=\"name\">R\u0104CZKI DO TECZEK<\/h1>\r\n<hr>\r\n\r\n<span itemprop=\"description\">Uchwyty do teczek tekturowych, walizeczek reklamowych wykonane s\u0105 z polipropylenu. Plastikowa r\u0105czka mocowana jest za pomoc\u0105 dw\u00f3ch znajduj\u0105cych si\u0119 w komplecie stopek, dzi\u0119ki kt\u00f3rym jest ruchoma. W asortymencie posiadamy trzy kszta\u0142ty r\u0105czek do teczek.<\/span>\r\n<hr>\r\n<img decoding=\"async\" itemprop=\"image\" src=\"https:\/\/komplast.pl\/wp-content\/uploads\/2024\/03\/HeroRaczka.jpg\" width=\"100%\" alt=\"Plastikowe r\u0105czki do teczek z dwoma plastikowymi stopkami mocuj\u0105cymi do przyk\u0142adowych teczek\"\/>\r\n<p class=\"smallprint\">* Firma Komplast nie jest producentem teczek tekturowych. Do prezentacji oku\u0107 plastikowych naszej firmy wykorzystano tekturowe teczki firm Interdruk oraz Tadeo Trading.<\/p>\r\n<hr class=\"fullwidth\">\r\n\r\n<div itemprop=\"offers\" itemscope itemtype=\"http:\/\/schema.org\/AggregateOffer\">\r\n\r\n<div class=\"fullwidth mobilehr\">\r\n  <div class=\"flexbox\">\r\n    <div class=\"floatright item-first\"\/>\r\n      \n    <div id=\"\" class=\"mf-slider\" style=\"aspect-ratio: 3\/2\">\n\t\t\t\t\t<picture class=\"mf-slide\" style=\"animation-delay: 0s\">\n\n                <source srcset=\"https:\/\/komplast.pl\/wp-content\/uploads\/2019\/11\/9d-Raczka-plastikowa-PROSTA.webp\" type=\"image\/webp\"><source srcset=\"https:\/\/komplast.pl\/wp-content\/uploads\/2019\/11\/9d-Raczka-plastikowa-PROSTA.jpg\" type=\"image\/jpeg\"><img decoding=\"async\" src=\"https:\/\/komplast.pl\/wp-content\/uploads\/2019\/11\/9d-Raczka-plastikowa-PROSTA.jpg\" alt=\"Czarna r\u0105czka plastikowa prosta, stoj\u0105ca na dw\u00f3ch plastikowych stopkach mocuj\u0105cych\" fetchpriority=\"high\">\n            <\/picture>\n\t\t    \n        \t\t\n\t\t\t\t<div class=\"lbLook\">\n\t\t\t\t\t\t\t<label for=\"xl1\" \n\t\t\t\t\t   style=\"order: 0; animation-delay: 0s\">\n\t\t\t\t<\/label>\n\t\t\t\t\t\t<p>\u26b2<\/p>\n\t\t<\/div>\n\t\t\n    <\/div>\n\n\t\r\n    <\/div>\r\n    <div>\r\n      <h1 class=\"flexboxer\"><strong>R\u0105czka plastikowa prosta<\/strong><\/h1>\r\n    <\/div>\r\n  <\/div>\r\n  <div class=\"item-below\">\r\n    <!--<p class=\"flexboxer\">Cena: <span itemprop=\"lowPrice\" content=\"0.20\">0,20<\/span> <span itemprop=\"priceCurrency\" content=\"PLN\">z\u0142<\/span> netto (0,25 z\u0142 brutto) \/ komplet - kolor czarny<\/p>-->\r\n    <p class=\"flexboxer\">Opakowanie zawiera 1 000 komplet\u00f3w.<\/p>\r\n    <hr>\r\n    <p>Rozstaw stopek z wymiarami przedstawiono <a href=\"#img2\" style=\"font-weight: bold\">na rysunku technicznym<\/a>.<\/p>\r\n  <\/div>\r\n<\/div>\r\n\r\n<div class=\"fullwidth mobilehr\">\r\n  <div class=\"flexbox\" style=\"width: 100%\">\r\n    <div class=\"floatright item-first\"\/>\r\n      \n    <div id=\"\" class=\"mf-slider\" style=\"aspect-ratio: 3\/2\">\n\t\t\t\t\t<picture class=\"mf-slide\" style=\"animation-delay: 0s\">\n\n                <source srcset=\"https:\/\/komplast.pl\/wp-content\/uploads\/2019\/10\/9b-Raczka-plastikowa-LUKOWA.webp\" type=\"image\/webp\"><source srcset=\"https:\/\/komplast.pl\/wp-content\/uploads\/2019\/06\/9b-Raczka-plastikowa-LUKOWA.jpg\" type=\"image\/jpeg\"><img decoding=\"async\" src=\"https:\/\/komplast.pl\/wp-content\/uploads\/2019\/06\/9b-Raczka-plastikowa-LUKOWA.jpg\" alt=\"Czarna r\u0105czka plastikowa \u0142ukowa, stoj\u0105ca na dw\u00f3ch plastikowych stopkach mocuj\u0105cych\" fetchpriority=\"high\">\n            <\/picture>\n\t\t    \n        \t\t\n\t\t\t\t<div class=\"lbLook\">\n\t\t\t\t\t\t\t<label for=\"xl3\" \n\t\t\t\t\t   style=\"order: 2; animation-delay: 0s\">\n\t\t\t\t<\/label>\n\t\t\t\t\t\t<p>\u26b2<\/p>\n\t\t<\/div>\n\t\t\n    <\/div>\n\n\t\r\n    <\/div>\r\n    <div>\r\n      <h1 class=\"flexboxer\"><strong>R\u0105czka plastikowa \u0142ukowa<\/strong><\/h1>\r\n    <\/div>\r\n  <\/div>\r\n  <div class=\"item-below\">\r\n    <!--<p class=\"flexboxer\">Cena: <span itemprop=\"lowPrice\" content=\"0.20\">0,20\r\n<\/span> <span itemprop=\"priceCurrency\" content=\"PLN\">z\u0142<\/span> netto (0,25 z\u0142 brutto) \/ komplet - kolor czarny<\/p>-->\r\n    <p class=\"flexboxer\">Opakowanie zawiera 1 000 komplet\u00f3w.<\/p>\r\n    <hr>\r\n    <p>Rozstaw stopek z wymiarami przedstawiono <a href=\"#img4\" style=\"font-weight: bold\">na rysunku technicznym<\/a>.<\/p>\r\n  <\/div>\r\n<\/div>\r\n\r\n<\/div>\r\n\r\n<\/div>\r\n\r\n<hr>\r\n<div>\r\n\r\n<div itemscope itemtype=\"http:\/\/schema.org\/Product\">\r\n<div class=\"flexbox\">\r\n  <div class=\"floatright item-first\">\r\n    \n    <div id=\"\" class=\"mf-slider\" style=\"aspect-ratio: 3\/2\">\n\t\t\t\t\t<picture class=\"mf-slide\" style=\"animation-delay: 0s\">\n\n                <source srcset=\"https:\/\/komplast.pl\/wp-content\/uploads\/2019\/10\/9d-Ramka-plastikowa-do-tektury.webp\" type=\"image\/webp\"><source srcset=\"https:\/\/komplast.pl\/wp-content\/uploads\/2019\/06\/9d-Ramka-plastikowa-do-tektury.jpg\" type=\"image\/jpeg\"><img decoding=\"async\" src=\"https:\/\/komplast.pl\/wp-content\/uploads\/2019\/06\/9d-Ramka-plastikowa-do-tektury.jpg\" alt=\"Plastikowe ramki do teczek tekturowych, obramowuj\u0105ce nasad\u0119 r\u0105czek plastikowych\" fetchpriority=\"high\">\n            <\/picture>\n\t\t    \n        \t\t\n\t\t\t\t<div class=\"lbLook\">\n\t\t\t\t\t\t\t<label for=\"xl5\" \n\t\t\t\t\t   style=\"order: 4; animation-delay: 0s\">\n\t\t\t\t<\/label>\n\t\t\t\t\t\t<p>\u26b2<\/p>\n\t\t<\/div>\n\t\t\n    <\/div>\n\n\t\r\n  <\/div>\r\n  <div class=\"item-second\">\r\n    <center><h1 class=\"flexboxed\" itemprop=\"name\">RAMKA DO R\u0104CZKI PLASTIKOWEJ<\/h1><\/center>\r\n    <hr>\r\n    <span itemprop=\"description\">Plastikowa ramka na otw\u00f3r w teczce tekturowej, do prze\u0142o\u017cenia r\u0105czki. Do zastosowania np. przy wzmocnionych teczkach, czy teczkach lub pude\u0142kach do przenoszenia segregator\u00f3w z r\u0105czk\u0105.<\/span>\r\n    <hr>\r\n    Wymiary:\r\n    <ul>\r\n      <li>wewn\u0119trzne: 125mm x 18mm<\/li>\r\n      <li>zewn\u0119trzne: 139mm x 32mm<\/li>\r\n    <\/ul>\r\n    <hr>\r\n  <\/div>\r\n<\/div>\r\n<div class=\"item-second\" style=\"padding-bottom: 2em\" itemprop=\"offers\" itemscope itemtype=\"http:\/\/schema.org\/AggregateOffer\">\r\n    <!--Ceny detali przy zam\u00f3wieniu od 1000 szt:\r\n    <ul>\r\n      <li>czarne: <span itemprop=\"lowPrice\" content=\"0.50\">0,50<\/span> <span itemprop=\"priceCurrency\" content=\"PLN\">PLN<\/span> netto \/ szt<\/li>\r\n      <li>bia\u0142e i szare: <span itemprop=\"price\" content=\"0.53\">0,53<\/span> <span itemprop=\"priceCurrency\" content=\"PLN\">PLN<\/span> netto \/ szt<\/li>\r\n    <\/ul>\r\n  <hr>-->\r\n<\/div>\r\n<\/div>\r\n\r\n<hr class=\"fullwidth\">\r\n<hr class=\"fullwidth\">\r\n<\/div>\r\n<strong>Zobacz tak\u017ce:<\/strong>\r\n<hr>\r\n<div class=\"fullwidth\">\r\n<a aria-label=\"zamki\" href=\"https:\/\/komplast.pl\/index.php\/oferta\/zamek-do-teczki-tekturowej\/\" class=\"floatleft\"><img decoding=\"async\" src=\"https:\/\/komplast.pl\/wp-content\/uploads\/2019\/06\/7b-Plastikowy-zamek-do-teczki-tekturowej-150x150.jpg\" alt=\"\" style=\"width: 70px; height: auto\"><\/a>\r\n<br>\r\n<a href=\"https:\/\/komplast.pl\/index.php\/oferta\/zamek-do-teczki-tekturowej\/\" class=\"floatleft\">ZAMKI DO TECZEK<\/a>\r\n<\/div>\r\n\r\n<div class=\"fullwidth\">\r\n<a aria-label=\"nitytylejki\" href=\"https:\/\/komplast.pl\/index.php\/oferta\/nity-i-tulejki\/\" class=\"floatleft\"><img decoding=\"async\" src=\"https:\/\/komplast.pl\/wp-content\/uploads\/2019\/06\/11b-Plastikowe-nity-i-tulejki-150x150.jpg\" alt=\"\" style=\"width: 70px; height: auto\"><\/a>\r\n<br>\r\n<a href=\"https:\/\/komplast.pl\/index.php\/oferta\/nity-i-tulejki\/\" class=\"floatleft\">NITY I TULEJKI<\/a>\r\n<\/div>\r\n\r\n<p class=\"safety\">Bezpiecze\u0144stwo: \r\n\r\n    <br>Produkt przeznaczony jest dla producent\u00f3w tekturowych teczek i walizeczek reklamowych. <br>Produktu nale\u017cy u\u017cywa\u0107 zgodnie z jego przeznaczeniem. \r\n\r\n    <br>R\u0105czki do teczek nie s\u0105 zabawkami i nie nale\u017cy udost\u0119pnia\u0107 ich dzieciom poni\u017cej 3 roku \u017cycia z uwagi na niewielkie elementy, kt\u00f3re s\u0105 cz\u0119\u015bci\u0105 zestawu, kt\u00f3re po ewentualnym po\u0142kni\u0119ciu przez dziecko mog\u0142yby spowodowa\u0107 zablokowanie dr\u00f3g oddechowych a w konsekwencji uduszenie. \r\n\r\n    <br>Przed ka\u017cdym zastosowaniem u\u017cytkownik powinien upewni\u0107 si\u0119 czy \u017caden z element\u00f3w r\u0105czki nie jest uszkodzony. Je\u015bli nosz\u0105 \u015blady jakichkolwiek uszkodze\u0144 nale\u017cy wyrzuci\u0107 je do pojemnika na odpady plastikowe. \r\n\r\n    <br>R\u0105czki do teczek wyprodukowane s\u0105 z wysokiej jako\u015bci polipropylenu, kt\u00f3ry jest bezpieczny dla u\u017cytkownik\u00f3w.  \r\n\r\n    <br>R\u0105czki do teczek zaprojektowane s\u0105 tak, aby ich g\u0142adka powierzchnia i zaokr\u0105glone kraw\u0119dzie zapewnia\u0142y komfort i bezpiecze\u0144stwo podczas jego u\u017cytkowania. \r\n\r\n    <br>Produkt jest zgodny z maj\u0105cymi zastosowanie przepisami prawa Unii Europejskiej w szczeg\u00f3lno\u015bci z przepisami rozporz\u0105dzenia 2023\/988 w sprawie og\u00f3lnego bezpiecze\u0144stwa produkt\u00f3w. Produkt posiada dokumentacj\u0119 zgodn\u0105 z GPSR.  \r\n\r\n    <br>Produkt posiada numer partii w postaci oznaczenia numerycznego, sk\u0142adaj\u0105cego si\u0119 z 3 lub 4 cyfr na opakowaniu, umo\u017cliwiaj\u0105cy \u0142atw\u0105 identyfikacj\u0119.<\/p>\r\n","protected":false},"excerpt":{"rendered":"<p>R\u0104CZKI DO TECZEK Uchwyty do teczek tekturowych, walizeczek reklamowych wykonane s\u0105 z polipropylenu. Plastikowa r\u0105czka mocowana jest za pomoc\u0105 dw\u00f3ch znajduj\u0105cych si\u0119 w komplecie stopek, dzi\u0119ki kt\u00f3rym jest ruchoma. W asortymencie posiadamy trzy kszta\u0142ty r\u0105czek do teczek. * Firma Komplast &hellip; <a href=\"https:\/\/komplast.pl\/index.php\/oferta\/raczki-do-teczek\/\">Continue reading <span class=\"meta-nav\">&rarr;<\/span><\/a><\/p>\n","protected":false},"author":1,"featured_media":0,"parent":44,"menu_order":0,"comment_status":"closed","ping_status":"closed","template":"","meta":{"inline_featured_image":false,"footnotes":""},"class_list":["post-74","page","type-page","status-publish","hentry"],"yoast_head":"<!-- This site is optimized with the Yoast SEO plugin v20.1 - https:\/\/yoast.com\/wordpress\/plugins\/seo\/ -->\n<title>R\u0105czki do teczek | Przetw\u00f3rstwo Tworzyw Sztucznych KOMPLAST<\/title>\n<meta name=\"robots\" content=\"index, follow, max-snippet:-1, max-image-preview:large, max-video-preview:-1\" \/>\n<link rel=\"canonical\" href=\"https:\/\/komplast.pl\/index.php\/oferta\/raczki-do-teczek\/\" \/>\n<meta property=\"og:locale\" content=\"pl_PL\" \/>\n<meta property=\"og:type\" content=\"article\" \/>\n<meta property=\"og:title\" content=\"R\u0105czki do teczek | Przetw\u00f3rstwo Tworzyw Sztucznych KOMPLAST\" \/>\n<meta property=\"og:description\" content=\"R\u0104CZKI DO TECZEK Uchwyty do teczek tekturowych, walizeczek reklamowych wykonane s\u0105 z polipropylenu. Plastikowa r\u0105czka mocowana jest za pomoc\u0105 dw\u00f3ch znajduj\u0105cych si\u0119 w komplecie stopek, dzi\u0119ki kt\u00f3rym jest ruchoma. W asortymencie posiadamy trzy kszta\u0142ty r\u0105czek do teczek. * Firma Komplast &hellip; Continue reading &rarr;\" \/>\n<meta property=\"og:url\" content=\"https:\/\/komplast.pl\/index.php\/oferta\/raczki-do-teczek\/\" \/>\n<meta property=\"og:site_name\" content=\"Przetw\u00f3rstwo Tworzyw Sztucznych KOMPLAST\" \/>\n<meta property=\"article:modified_time\" content=\"2026-05-20T13:42:08+00:00\" \/>\n<meta property=\"og:image\" content=\"https:\/\/komplast.pl\/wp-content\/uploads\/2024\/03\/HeroRaczka.jpg\" \/>\n<meta name=\"twitter:card\" content=\"summary_large_image\" \/>\n<meta name=\"twitter:label1\" content=\"Szacowany czas czytania\" \/>\n\t<meta name=\"twitter:data1\" content=\"3 minuty\" \/>\n<script type=\"application\/ld+json\" class=\"yoast-schema-graph\">{\"@context\":\"https:\/\/schema.org\",\"@graph\":[{\"@type\":\"WebPage\",\"@id\":\"https:\/\/komplast.pl\/index.php\/oferta\/raczki-do-teczek\/\",\"url\":\"https:\/\/komplast.pl\/index.php\/oferta\/raczki-do-teczek\/\",\"name\":\"R\u0105czki do teczek | Przetw\u00f3rstwo Tworzyw Sztucznych KOMPLAST\",\"isPartOf\":{\"@id\":\"https:\/\/komplast.pl\/#website\"},\"datePublished\":\"2019-02-02T10:17:43+00:00\",\"dateModified\":\"2026-05-20T13:42:08+00:00\",\"breadcrumb\":{\"@id\":\"https:\/\/komplast.pl\/index.php\/oferta\/raczki-do-teczek\/#breadcrumb\"},\"inLanguage\":\"pl-PL\",\"potentialAction\":[{\"@type\":\"ReadAction\",\"target\":[\"https:\/\/komplast.pl\/index.php\/oferta\/raczki-do-teczek\/\"]}]},{\"@type\":\"BreadcrumbList\",\"@id\":\"https:\/\/komplast.pl\/index.php\/oferta\/raczki-do-teczek\/#breadcrumb\",\"itemListElement\":[{\"@type\":\"ListItem\",\"position\":1,\"name\":\"Strona g\u0142\u00f3wna\",\"item\":\"https:\/\/komplast.pl\/\"},{\"@type\":\"ListItem\",\"position\":2,\"name\":\"OFERTA\",\"item\":\"https:\/\/komplast.pl\/\"},{\"@type\":\"ListItem\",\"position\":3,\"name\":\"R\u0105czki do teczek\"}]},{\"@type\":\"WebSite\",\"@id\":\"https:\/\/komplast.pl\/#website\",\"url\":\"https:\/\/komplast.pl\/\",\"name\":\"Przetw\u00f3rstwo Tworzyw Sztucznych KOMPLAST\",\"description\":\"Zapinki do pomidor\u00f3w oraz inne detale z tworzyw sztucznych\",\"publisher\":{\"@id\":\"https:\/\/komplast.pl\/#organization\"},\"potentialAction\":[{\"@type\":\"SearchAction\",\"target\":{\"@type\":\"EntryPoint\",\"urlTemplate\":\"https:\/\/komplast.pl\/?s={search_term_string}\"},\"query-input\":\"required name=search_term_string\"}],\"inLanguage\":\"pl-PL\"},{\"@type\":\"Organization\",\"@id\":\"https:\/\/komplast.pl\/#organization\",\"name\":\"Przetw\u00f3rstwo Tworzyw Sztucznych KOMPLAST\",\"url\":\"https:\/\/komplast.pl\/\",\"logo\":{\"@type\":\"ImageObject\",\"inLanguage\":\"pl-PL\",\"@id\":\"https:\/\/komplast.pl\/#\/schema\/logo\/image\/\",\"url\":\"https:\/\/komplast.pl\/wp-content\/uploads\/2019\/03\/Klogo.svg\",\"contentUrl\":\"https:\/\/komplast.pl\/wp-content\/uploads\/2019\/03\/Klogo.svg\",\"width\":1,\"height\":1,\"caption\":\"Przetw\u00f3rstwo Tworzyw Sztucznych KOMPLAST\"},\"image\":{\"@id\":\"https:\/\/komplast.pl\/#\/schema\/logo\/image\/\"}}]}<\/script>\n<!-- \/ Yoast SEO plugin. -->","yoast_head_json":{"title":"R\u0105czki do teczek | Przetw\u00f3rstwo Tworzyw Sztucznych KOMPLAST","robots":{"index":"index","follow":"follow","max-snippet":"max-snippet:-1","max-image-preview":"max-image-preview:large","max-video-preview":"max-video-preview:-1"},"canonical":"https:\/\/komplast.pl\/index.php\/oferta\/raczki-do-teczek\/","og_locale":"pl_PL","og_type":"article","og_title":"R\u0105czki do teczek | Przetw\u00f3rstwo Tworzyw Sztucznych KOMPLAST","og_description":"R\u0104CZKI DO TECZEK Uchwyty do teczek tekturowych, walizeczek reklamowych wykonane s\u0105 z polipropylenu. Plastikowa r\u0105czka mocowana jest za pomoc\u0105 dw\u00f3ch znajduj\u0105cych si\u0119 w komplecie stopek, dzi\u0119ki kt\u00f3rym jest ruchoma. W asortymencie posiadamy trzy kszta\u0142ty r\u0105czek do teczek. * Firma Komplast &hellip; Continue reading &rarr;","og_url":"https:\/\/komplast.pl\/index.php\/oferta\/raczki-do-teczek\/","og_site_name":"Przetw\u00f3rstwo Tworzyw Sztucznych KOMPLAST","article_modified_time":"2026-05-20T13:42:08+00:00","og_image":[{"url":"https:\/\/komplast.pl\/wp-content\/uploads\/2024\/03\/HeroRaczka.jpg"}],"twitter_card":"summary_large_image","twitter_misc":{"Szacowany czas czytania":"3 minuty"},"schema":{"@context":"https:\/\/schema.org","@graph":[{"@type":"WebPage","@id":"https:\/\/komplast.pl\/index.php\/oferta\/raczki-do-teczek\/","url":"https:\/\/komplast.pl\/index.php\/oferta\/raczki-do-teczek\/","name":"R\u0105czki do teczek | Przetw\u00f3rstwo Tworzyw Sztucznych KOMPLAST","isPartOf":{"@id":"https:\/\/komplast.pl\/#website"},"datePublished":"2019-02-02T10:17:43+00:00","dateModified":"2026-05-20T13:42:08+00:00","breadcrumb":{"@id":"https:\/\/komplast.pl\/index.php\/oferta\/raczki-do-teczek\/#breadcrumb"},"inLanguage":"pl-PL","potentialAction":[{"@type":"ReadAction","target":["https:\/\/komplast.pl\/index.php\/oferta\/raczki-do-teczek\/"]}]},{"@type":"BreadcrumbList","@id":"https:\/\/komplast.pl\/index.php\/oferta\/raczki-do-teczek\/#breadcrumb","itemListElement":[{"@type":"ListItem","position":1,"name":"Strona g\u0142\u00f3wna","item":"https:\/\/komplast.pl\/"},{"@type":"ListItem","position":2,"name":"OFERTA","item":"https:\/\/komplast.pl\/"},{"@type":"ListItem","position":3,"name":"R\u0105czki do teczek"}]},{"@type":"WebSite","@id":"https:\/\/komplast.pl\/#website","url":"https:\/\/komplast.pl\/","name":"Przetw\u00f3rstwo Tworzyw Sztucznych KOMPLAST","description":"Zapinki do pomidor\u00f3w oraz inne detale z tworzyw sztucznych","publisher":{"@id":"https:\/\/komplast.pl\/#organization"},"potentialAction":[{"@type":"SearchAction","target":{"@type":"EntryPoint","urlTemplate":"https:\/\/komplast.pl\/?s={search_term_string}"},"query-input":"required name=search_term_string"}],"inLanguage":"pl-PL"},{"@type":"Organization","@id":"https:\/\/komplast.pl\/#organization","name":"Przetw\u00f3rstwo Tworzyw Sztucznych KOMPLAST","url":"https:\/\/komplast.pl\/","logo":{"@type":"ImageObject","inLanguage":"pl-PL","@id":"https:\/\/komplast.pl\/#\/schema\/logo\/image\/","url":"https:\/\/komplast.pl\/wp-content\/uploads\/2019\/03\/Klogo.svg","contentUrl":"https:\/\/komplast.pl\/wp-content\/uploads\/2019\/03\/Klogo.svg","width":1,"height":1,"caption":"Przetw\u00f3rstwo Tworzyw Sztucznych KOMPLAST"},"image":{"@id":"https:\/\/komplast.pl\/#\/schema\/logo\/image\/"}}]}},"jetpack_sharing_enabled":true,"_links":{"self":[{"href":"https:\/\/komplast.pl\/index.php\/wp-json\/wp\/v2\/pages\/74","targetHints":{"allow":["GET"]}}],"collection":[{"href":"https:\/\/komplast.pl\/index.php\/wp-json\/wp\/v2\/pages"}],"about":[{"href":"https:\/\/komplast.pl\/index.php\/wp-json\/wp\/v2\/types\/page"}],"author":[{"embeddable":true,"href":"https:\/\/komplast.pl\/index.php\/wp-json\/wp\/v2\/users\/1"}],"replies":[{"embeddable":true,"href":"https:\/\/komplast.pl\/index.php\/wp-json\/wp\/v2\/comments?post=74"}],"version-history":[{"count":73,"href":"https:\/\/komplast.pl\/index.php\/wp-json\/wp\/v2\/pages\/74\/revisions"}],"predecessor-version":[{"id":3239,"href":"https:\/\/komplast.pl\/index.php\/wp-json\/wp\/v2\/pages\/74\/revisions\/3239"}],"up":[{"embeddable":true,"href":"https:\/\/komplast.pl\/index.php\/wp-json\/wp\/v2\/pages\/44"}],"wp:attachment":[{"href":"https:\/\/komplast.pl\/index.php\/wp-json\/wp\/v2\/media?parent=74"}],"curies":[{"name":"wp","href":"https:\/\/api.w.org\/{rel}","templated":true}]}}