{"id":70,"date":"2019-02-02T11:10:36","date_gmt":"2019-02-02T10:10:36","guid":{"rendered":"http:\/\/komplast.pl\/?page_id=70"},"modified":"2026-05-14T13:30:57","modified_gmt":"2026-05-14T12:30:57","slug":"zamek-do-teczki-tekturowej","status":"publish","type":"page","link":"https:\/\/komplast.pl\/index.php\/oferta\/zamek-do-teczki-tekturowej\/","title":{"rendered":"Zamek do teczki tekturowej"},"content":{"rendered":"\n  <input type=\"radio\" name=\"slides\" id=\"off\" checked>\n\t\t<input type=\"radio\" name=\"slides\" id=\"xl1\">\n    \t<input type=\"radio\" name=\"slides\" id=\"xl2\">\n    \t<input type=\"radio\" name=\"slides\" id=\"xl3\">\n    \t<input type=\"radio\" name=\"slides\" id=\"xl4\">\n    \n\t<script>\n\t\n\/\/ \tdocument.querySelectorAll('input[name=\"slides\"]').forEach(radio => {\n\/\/ \t\tradio.addEventListener('change', () => {\n\/\/ \t\t\tif (radio.id !== 'off') {\n\/\/ \t\t\t\thistory.pushState({ lb: true }, '');\n\/\/ \t\t\t}\n\/\/ \t\t});\n\/\/ \t});\n\t\t\n\twindow.addEventListener('popstate', e => {\n\t\tif (e.state && e.state.lb) {\n\t\t\tdocument.getElementById('off').checked = true;\n\t\t}\n\t});\n\t\t\n\tdocument.addEventListener('keydown', e => {\n\t\tif (e.key === 'Escape') {\n\t\t\tdocument.getElementById('off').checked = true;\n\t\t}\n\t});\n\t<\/script>\n\n\t<div class=\"liteBox\">\n\t  <div class=\"liteTop\">\n\t\t <div class=\"screenBox\" >\n\t\t\t<div class=\"liteScreen\"><\/div>\n\t\t <\/div>\n\t\t <label class=\"liteX\" for=\"off\" title=\"Zamknij galeri\u0119\" aria-label=\"Przycisk: Wy\u0142\u0105cz galeri\u0119\"><\/label>\n\t  <\/div>\n\t  <p class=\"liteCaption\"><\/p>\n\t  \t  <div class=\"liteNav\">\n\t\t<div class=\"liteArrow litePrev\">\n\t\t  \t\t  \t<label for=\"xl4\" title=\"Poprzednie zdj\u0119cie\" aria-label=\"Przycisk: Nast\u0119pne zdj\u0119cie\"><\/label>\n\t\t  \t\t  \t<label for=\"xl1\" title=\"Poprzednie zdj\u0119cie\" aria-label=\"Przycisk: Nast\u0119pne zdj\u0119cie\"><\/label>\n\t\t  \t\t  \t<label for=\"xl2\" title=\"Poprzednie zdj\u0119cie\" aria-label=\"Przycisk: Nast\u0119pne zdj\u0119cie\"><\/label>\n\t\t  \t\t  \t<label for=\"xl3\" title=\"Poprzednie zdj\u0119cie\" aria-label=\"Przycisk: Nast\u0119pne zdj\u0119cie\"><\/label>\n\t\t  \t\t  <div class=\"arrowIcon\"><\/div>\n\t\t<\/div>\n\t\t<div class=\"liteArrow liteNext\">\n\t\t  \t\t  \t<label for=\"xl2\" title=\"Nast\u0119pne zdj\u0119cie\" aria-label=\"Przycisk: Nast\u0119pne zdj\u0119cie\"><\/label>\n\t\t  \t\t  \t<label for=\"xl3\" title=\"Nast\u0119pne zdj\u0119cie\" aria-label=\"Przycisk: Nast\u0119pne zdj\u0119cie\"><\/label>\n\t\t  \t\t  \t<label for=\"xl4\" title=\"Nast\u0119pne zdj\u0119cie\" aria-label=\"Przycisk: Nast\u0119pne zdj\u0119cie\"><\/label>\n\t\t  \t\t  \t<label for=\"xl1\" title=\"Nast\u0119pne zdj\u0119cie\" aria-label=\"Przycisk: Nast\u0119pne zdj\u0119cie\"><\/label>\n\t\t  \t\t  <div class=\"arrowIcon\"><\/div>\n\t\t<\/div>\n\t  <\/div>\n\t  \t<\/div>\n\n\t<style>\n\n\t\t\t\t#xl1:checked ~ .liteBox :is(.litePrev, .liteNext) label:nth-of-type(1) {\n\t\t\tdisplay: block;\n\t\t\tpointer-events: all;\n\t\t}\n\t\t\t\t#xl2:checked ~ .liteBox :is(.litePrev, .liteNext) label:nth-of-type(2) {\n\t\t\tdisplay: block;\n\t\t\tpointer-events: all;\n\t\t}\n\t\t\t\t#xl3:checked ~ .liteBox :is(.litePrev, .liteNext) label:nth-of-type(3) {\n\t\t\tdisplay: block;\n\t\t\tpointer-events: all;\n\t\t}\n\t\t\t\t#xl4:checked ~ .liteBox :is(.litePrev, .liteNext) label:nth-of-type(4) {\n\t\t\tdisplay: block;\n\t\t\tpointer-events: all;\n\t\t}\n\t\t\n\t\t\t\t#xl1:checked ~ .liteBox .liteScreen {\n\t\t\n\t\tbackground-image: url(https:\/\/komplast.pl\/wp-content\/uploads\/2019\/08\/2dXL.jpg);background-image: url(https:\/\/komplast.pl\/wp-content\/uploads\/2024\/03\/ZamekCzarnyXL.webp);}\t\t#xl2:checked ~ .liteBox .liteScreen {\n\t\t\n\t\tbackground-image: url(https:\/\/komplast.pl\/wp-content\/uploads\/2019\/08\/2cXL.jpg);background-image: url(https:\/\/komplast.pl\/wp-content\/uploads\/2022\/03\/7fXL.webp);}\t\t#xl3:checked ~ .liteBox .liteScreen {\n\t\t\n\t\tbackground-image: url(https:\/\/komplast.pl\/wp-content\/uploads\/2019\/08\/2aXL-1024x683.jpg);background-image: url(https:\/\/komplast.pl\/wp-content\/uploads\/2019\/10\/7dXL.webp);}\t\t#xl4:checked ~ .liteBox .liteScreen {\n\t\t\n\t\tbackground-image: url(https:\/\/komplast.pl\/wp-content\/uploads\/2019\/08\/2bXL.jpg);background-image: url(https:\/\/komplast.pl\/wp-content\/uploads\/2022\/03\/7gXL.webp);}\n\t\t\n\t\t@container screenBox (width < 630px) { \/* load smallest *\/\n\t\t\t\t\t\t#xl1:checked ~ .liteBox .liteScreen {\n\n\t\t\tbackground-image: url(https:\/\/komplast.pl\/wp-content\/uploads\/2019\/08\/2d-Lyzeczki-bursztyn.jpg);background-image: url(https:\/\/komplast.pl\/wp-content\/uploads\/2024\/03\/ZamekCzarny630.webp);}\t\t\t#xl2:checked ~ .liteBox .liteScreen {\n\n\t\t\tbackground-image: url(https:\/\/komplast.pl\/wp-content\/uploads\/2019\/06\/2c-Lyzeczka-do-miodu.jpg);background-image: url(https:\/\/komplast.pl\/wp-content\/uploads\/2022\/03\/7f-zamek-zapadkowy-nowy.webp);}\t\t\t#xl3:checked ~ .liteBox .liteScreen {\n\n\t\t\tbackground-image: url(https:\/\/komplast.pl\/wp-content\/uploads\/2019\/06\/2a-lyz.jpg);background-image: url(https:\/\/komplast.pl\/wp-content\/uploads\/2019\/10\/7d-Okucia-z-plastiku-do-teczek-tekturowych.webp);}\t\t\t#xl4:checked ~ .liteBox .liteScreen {\n\n\t\t\tbackground-image: url(https:\/\/komplast.pl\/wp-content\/uploads\/2019\/06\/2b-Lyzeczka-do-miodu.jpg);background-image: url(https:\/\/komplast.pl\/wp-content\/uploads\/2022\/03\/7g-zamek-rozstaw.webp);}\t\t}\n\t\t\n\t\t\t\t\t.liteCaption:before { content: 'Zamek do teczki'; }\n\t\t\t\t\t.screenBox { aspect-ratio: 1; }\n\t\t\n\t<\/style>\n\n    \r\n\r\n<div itemscope itemtype=\"http:\/\/schema.org\/Product\">\r\n<div class=\"fullwidth\">\r\n  <div class=\"flexbox\">\r\n    <div class=\"floatright item-first\"\/>\r\n      \n    <div id=\"zamki\" class=\"mf-slider\" style=\"aspect-ratio: 1\">\n\t\t\t\t\t<picture class=\"mf-slide\" style=\"animation-delay: -7s\">\n\n                <source srcset=\"https:\/\/komplast.pl\/wp-content\/uploads\/2024\/03\/ZamekCzarny630.webp\" type=\"image\/webp\"><source srcset=\"https:\/\/komplast.pl\/wp-content\/uploads\/2024\/03\/ZamekCzarny630.jpg\" type=\"image\/jpeg\"><img decoding=\"async\" src=\"https:\/\/komplast.pl\/wp-content\/uploads\/2024\/03\/ZamekCzarny630.jpg\" alt=\"Przyk\u0142adowa teczka tekturowa z elementami plastikowymi naszej produkcji: bia\u0142ym zamkiem na zak\u0142adk\u0119 i bia\u0142\u0105 r\u0105czk\u0105 \" fetchpriority=\"high\">\n            <\/picture>\n\t\t    \n        \t\t\t<picture class=\"mf-slide\" style=\"animation-delay: -3.5s\">\n\n                <source srcset=\"https:\/\/komplast.pl\/wp-content\/uploads\/2022\/03\/7f-zamek-zapadkowy-nowy.webp\" type=\"image\/webp\"><img decoding=\"async\" src=\"https:\/\/komplast.pl\/wp-content\/uploads\/2022\/03\/7f-zamek-zapadkowy-nowy.webp\" alt=\"\r\nCzarny, plastikowy j\u0119zyczek i czarna, plastikowa zapadka oraz kompletne czarne, plastikowe zapi\u0119cie \">\n            <\/picture>\n\t\t    \n        \t\t\t<picture class=\"mf-slide\" style=\"animation-delay: 0s\">\n\n                <source srcset=\"https:\/\/komplast.pl\/wp-content\/uploads\/2019\/10\/7d-Okucia-z-plastiku-do-teczek-tekturowych.webp\" type=\"image\/webp\"><source srcset=\"https:\/\/komplast.pl\/wp-content\/uploads\/2019\/06\/7-Zamki-do-teczek-tekturowych.jpg\" type=\"image\/jpeg\"><img decoding=\"async\" src=\"https:\/\/komplast.pl\/wp-content\/uploads\/2019\/06\/7-Zamki-do-teczek-tekturowych.jpg\" alt=\"\r\nPrzyk\u0142adowa teczka tekturowa z elementami plastikowymi naszej produkcji: bia\u0142ym zamkiem na zak\u0142adk\u0119 i bia\u0142\u0105 r\u0105czk\u0105\">\n            <\/picture>\n\t\t    \n        \t\t\n\t\t\t\t<div class=\"lbLook\">\n\t\t\t\t\t\t\t<label for=\"xl1\" \n\t\t\t\t\t   style=\"order: 0; animation-delay: -7s\">\n\t\t\t\t<\/label>\n\t\t\t\t\t\t\t<label for=\"xl2\" \n\t\t\t\t\t   style=\"order: 0; animation-delay: -3.5s\">\n\t\t\t\t<\/label>\n\t\t\t\t\t\t\t<label for=\"xl3\" \n\t\t\t\t\t   style=\"order: 0; animation-delay: 0s\">\n\t\t\t\t<\/label>\n\t\t\t\t\t\t<p>\u26b2<\/p>\n\t\t<\/div>\n\t\t\n    <\/div>\n\n\t\n\t<style>\n\t\t\n        #zamki {\n            & picture { animation-name: zamkiSlide }\n            & label { animation-name: zamkiPoint }\n            & :is(picture, label) { animation-duration: 10.5s ; }\n        }\n\n\t\t@keyframes zamkiSlide {\n\t\t  0%, 59.047619047619%, 100% { opacity: 0; } \/* 0 & 100 are a given, the middle: 100\/sides*(sides - 1) - 2*trans *\/\n\t\t  62.857142857143%, 96.190476190476% { opacity: 1; } \/* 100\/sides*(sides - 1) - trans & 100 - trans *\/\n\t\t}\n\n        @keyframes zamkiPoint {\n\t\t  0%, 59.047619047619%, 100% { pointer-events: none; opacity: 0; } \/* 0 & 100 are a given, the middle: 100\/sides*(sides - 1) - 2*trans *\/\n\t\t  62.857142857143%, 96.190476190476% { pointer-events: all; opacity: 1; } \/* 100\/sides*(sides - 1) - trans & 100 - trans *\/\n\t\t}\n\n\t<\/style>\n\n\t\r\n      <p class=\"smallprint\">* Firma Komplast nie jest producentem teczek tekturowych. Do prezentacji oku\u0107 plastikowych naszej firmy wykorzystano tekturow\u0105 teczk\u0119 firmy Interdruk.\r\n<hr>\r\n      <\/p>\r\n    <\/div>\r\n    <div class=\"item-second\">\r\n      <h1 class=\"flexboxed\" itemprop=\"name\"><center>ZAMEK DO TECZKI<\/center><\/h1>\r\n      <p class=\"flexboxed\" itemprop=\"description\">\r\n      Zapi\u0119cie do teczek tekturowych czy walizeczek reklamowych, sk\u0142ada si\u0119 z korpusu wyposa\u017conego w d\u017awigienk\u0119 dociskow\u0105 oraz j\u0119zyczek.\r\n      <\/p>\r\n    <\/div>\r\n  <\/div>\r\n  <span itemprop=\"description\">Zamki wykonane s\u0105 z wysoko wytrzyma\u0142ego poliamidu. Oba elementy mocowane s\u0105 do \u017c\u0105danych powierzchni za pomoc\u0105 trzech <a href=\"https:\/\/komplast.pl\/index.php\/oferta\/nity-i-tulejki\/\" style=\"font-weight: bold\">nit\u00f3w<\/a>, kt\u00f3re r\u00f3wnie\u017c posiadamy w ofercie.<\/span>\r\n  <hr>\r\n  <span itemprop=\"offers\" itemscope itemtype=\"http:\/\/schema.org\/Offer\"><!--Cena: <span itemprop=\"price\" content=\"0.29\">0,29<\/span> <span itemprop=\"priceCurrency\" content=\"PLN\">PLN<\/span> netto (0,36 PLN brutto) \/ komplet \u2013 w kolorze czarnym<\/span>-->\r\n  Opakowanie zawiera <span itemprop=\"TypeAndQuantityNode\" itemtype=\"https:\/\/schema.org\/TypeAndQuantityNode\"><span itemprop=\"amountOfThisGood\" content=\"1000\">1 000<\/span> <span itemprop=\"unitText\" content=\"komplet\u00f3w\">komplet\u00f3w<\/span><\/span>.\r\n  <hr>\r\n  <p>Rozstaw otwor\u00f3w z wymiarami przedstawiono <a href=\"#img3\" style=\"font-weight: bold\">na rysunku technicznym<\/a>.<\/p>\r\n  <hr>\r\n  <hr>\r\n<\/div>\r\n<strong>Zobacz tak\u017ce:<\/strong>\r\n<hr>\r\n<div class=\"fullwidth\">\r\n<a href=\"https:\/\/komplast.pl\/index.php\/oferta\/raczki-do-teczek\/\" class=\"floatleft\"><img decoding=\"async\" src=\"https:\/\/komplast.pl\/wp-content\/uploads\/2024\/03\/KafelkaRaczka.jpg\" alt=\"\" style=\"width: 70px; height: auto\"><\/a>\r\n<br>\r\n<a href=\"https:\/\/komplast.pl\/index.php\/oferta\/raczki-do-teczek\/\" class=\"floatleft\">R\u0104CZKI DO TECZEK<\/a>\r\n<\/div>\r\n\r\n<div class=\"fullwidth\">\r\n<a href=\"https:\/\/komplast.pl\/index.php\/oferta\/nity-i-tulejki\/\" class=\"floatleft\"><img decoding=\"async\" src=\"https:\/\/komplast.pl\/wp-content\/uploads\/2019\/06\/11b-Plastikowe-nity-i-tulejki-150x150.jpg\" alt=\"\" style=\"width: 70px; height: auto\"><\/a>\r\n<br>\r\n<a href=\"https:\/\/komplast.pl\/index.php\/oferta\/nity-i-tulejki\/\" class=\"floatleft\">NITY I TULEJKI<\/a>\r\n<\/div>\r\n\r\n<\/div>\r\n\r\n<p class=\"fullwidth safety\">Bezpiecze\u0144stwo: \r\n\r\n    <br>Produkt przeznaczony jest dla producent\u00f3w tekturowych teczek i walizeczek reklamowych. <br>Produktu nale\u017cy u\u017cywa\u0107 zgodnie z jego przeznaczeniem. nie s\u0105  \r\n\r\n    <br>Zamki do teczki nie s\u0105 zabawkami. Zamk\u00f3w do teczek nie nale\u017cy udost\u0119pnia\u0107 dzieciom poni\u017cej 3 roku \u017cycia z uwagi na niewielkie elementy, kt\u00f3re po ewentualnym po\u0142kni\u0119ciu przez dziecko mog\u0142yby spowodowa\u0107 zablokowanie dr\u00f3g oddechowych a w konsekwencji uduszenie. \r\n\r\n    <br>Przed ka\u017cdym zastosowaniem u\u017cytkownik powinien upewni\u0107 si\u0119 czy \u017caden z element\u00f3w zamka nie jest uszkodzony. Je\u015bli nosz\u0105 \u015blady jakichkolwiek uszkodze\u0144 nale\u017cy wyrzuci\u0107 je do pojemnika na odpady plastikowe. \r\n\r\n    <br>Zamki do teczek wyprodukowane s\u0105 z wysokiej jako\u015bci poliamidu, kt\u00f3ry jest bezpieczny dla u\u017cytkownik\u00f3w.  \r\n\r\n    <br>Zamki do teczek zaprojektowane s\u0105 tak, aby ich g\u0142adka powierzchnia i zaokr\u0105glone kraw\u0119dzie zapewnia\u0142y komfort i bezpiecze\u0144stwo podczas jego u\u017cytkowania. \r\n\r\n    <br>Produkt jest zgodny z maj\u0105cymi zastosowanie przepisami prawa Unii Europejskiej w szczeg\u00f3lno\u015bci z przepisami rozporz\u0105dzenia 2023\/988 w sprawie og\u00f3lnego bezpiecze\u0144stwa produkt\u00f3w. Produkt posiada dokumentacj\u0119 zgodn\u0105 z GPSR.  \r\n\r\n    <br>Produkt posiada numer partii w postaci oznaczenia numerycznego, sk\u0142adaj\u0105cego si\u0119 z 3 lub 4 cyfr na opakowaniu, umo\u017cliwiaj\u0105cy \u0142atw\u0105 identyfikacj\u0119.<\/p> ","protected":false},"excerpt":{"rendered":"<p>* Firma Komplast nie jest producentem teczek tekturowych. Do prezentacji oku\u0107 plastikowych naszej firmy wykorzystano tekturow\u0105 teczk\u0119 firmy Interdruk. ZAMEK DO TECZKI Zapi\u0119cie do teczek tekturowych czy walizeczek reklamowych, sk\u0142ada si\u0119 z korpusu wyposa\u017conego w d\u017awigienk\u0119 dociskow\u0105 oraz j\u0119zyczek. Zamki &hellip; <a href=\"https:\/\/komplast.pl\/index.php\/oferta\/zamek-do-teczki-tekturowej\/\">Continue reading <span class=\"meta-nav\">&rarr;<\/span><\/a><\/p>\n","protected":false},"author":1,"featured_media":0,"parent":44,"menu_order":0,"comment_status":"closed","ping_status":"closed","template":"","meta":{"inline_featured_image":false,"footnotes":""},"class_list":["post-70","page","type-page","status-publish","hentry"],"yoast_head":"<!-- This site is optimized with the Yoast SEO plugin v20.1 - https:\/\/yoast.com\/wordpress\/plugins\/seo\/ -->\n<title>Zamek do teczki tekturowej | Przetw\u00f3rstwo Tworzyw Sztucznych KOMPLAST<\/title>\n<meta name=\"robots\" content=\"index, follow, max-snippet:-1, max-image-preview:large, max-video-preview:-1\" \/>\n<link rel=\"canonical\" href=\"https:\/\/komplast.pl\/index.php\/oferta\/zamek-do-teczki-tekturowej\/\" \/>\n<meta property=\"og:locale\" content=\"pl_PL\" \/>\n<meta property=\"og:type\" content=\"article\" \/>\n<meta property=\"og:title\" content=\"Zamek do teczki tekturowej | Przetw\u00f3rstwo Tworzyw Sztucznych KOMPLAST\" \/>\n<meta property=\"og:description\" content=\"* Firma Komplast nie jest producentem teczek tekturowych. Do prezentacji oku\u0107 plastikowych naszej firmy wykorzystano tekturow\u0105 teczk\u0119 firmy Interdruk. ZAMEK DO TECZKI Zapi\u0119cie do teczek tekturowych czy walizeczek reklamowych, sk\u0142ada si\u0119 z korpusu wyposa\u017conego w d\u017awigienk\u0119 dociskow\u0105 oraz j\u0119zyczek. Zamki &hellip; Continue reading &rarr;\" \/>\n<meta property=\"og:url\" content=\"https:\/\/komplast.pl\/index.php\/oferta\/zamek-do-teczki-tekturowej\/\" \/>\n<meta property=\"og:site_name\" content=\"Przetw\u00f3rstwo Tworzyw Sztucznych KOMPLAST\" \/>\n<meta property=\"article:modified_time\" content=\"2026-05-14T12:30:57+00:00\" \/>\n<meta property=\"og:image\" content=\"https:\/\/komplast.pl\/wp-content\/uploads\/2024\/03\/KafelkaRaczka.jpg\" \/>\n<meta name=\"twitter:card\" content=\"summary_large_image\" \/>\n<meta name=\"twitter:label1\" content=\"Szacowany czas czytania\" \/>\n\t<meta name=\"twitter:data1\" content=\"3 minuty\" \/>\n<script type=\"application\/ld+json\" class=\"yoast-schema-graph\">{\"@context\":\"https:\/\/schema.org\",\"@graph\":[{\"@type\":\"WebPage\",\"@id\":\"https:\/\/komplast.pl\/index.php\/oferta\/zamek-do-teczki-tekturowej\/\",\"url\":\"https:\/\/komplast.pl\/index.php\/oferta\/zamek-do-teczki-tekturowej\/\",\"name\":\"Zamek do teczki tekturowej | Przetw\u00f3rstwo Tworzyw Sztucznych KOMPLAST\",\"isPartOf\":{\"@id\":\"https:\/\/komplast.pl\/#website\"},\"datePublished\":\"2019-02-02T10:10:36+00:00\",\"dateModified\":\"2026-05-14T12:30:57+00:00\",\"breadcrumb\":{\"@id\":\"https:\/\/komplast.pl\/index.php\/oferta\/zamek-do-teczki-tekturowej\/#breadcrumb\"},\"inLanguage\":\"pl-PL\",\"potentialAction\":[{\"@type\":\"ReadAction\",\"target\":[\"https:\/\/komplast.pl\/index.php\/oferta\/zamek-do-teczki-tekturowej\/\"]}]},{\"@type\":\"BreadcrumbList\",\"@id\":\"https:\/\/komplast.pl\/index.php\/oferta\/zamek-do-teczki-tekturowej\/#breadcrumb\",\"itemListElement\":[{\"@type\":\"ListItem\",\"position\":1,\"name\":\"Strona g\u0142\u00f3wna\",\"item\":\"https:\/\/komplast.pl\/\"},{\"@type\":\"ListItem\",\"position\":2,\"name\":\"OFERTA\",\"item\":\"https:\/\/komplast.pl\/\"},{\"@type\":\"ListItem\",\"position\":3,\"name\":\"Zamek do teczki tekturowej\"}]},{\"@type\":\"WebSite\",\"@id\":\"https:\/\/komplast.pl\/#website\",\"url\":\"https:\/\/komplast.pl\/\",\"name\":\"Przetw\u00f3rstwo Tworzyw Sztucznych KOMPLAST\",\"description\":\"Zapinki do pomidor\u00f3w oraz inne detale z tworzyw sztucznych\",\"publisher\":{\"@id\":\"https:\/\/komplast.pl\/#organization\"},\"potentialAction\":[{\"@type\":\"SearchAction\",\"target\":{\"@type\":\"EntryPoint\",\"urlTemplate\":\"https:\/\/komplast.pl\/?s={search_term_string}\"},\"query-input\":\"required name=search_term_string\"}],\"inLanguage\":\"pl-PL\"},{\"@type\":\"Organization\",\"@id\":\"https:\/\/komplast.pl\/#organization\",\"name\":\"Przetw\u00f3rstwo Tworzyw Sztucznych KOMPLAST\",\"url\":\"https:\/\/komplast.pl\/\",\"logo\":{\"@type\":\"ImageObject\",\"inLanguage\":\"pl-PL\",\"@id\":\"https:\/\/komplast.pl\/#\/schema\/logo\/image\/\",\"url\":\"https:\/\/komplast.pl\/wp-content\/uploads\/2019\/03\/Klogo.svg\",\"contentUrl\":\"https:\/\/komplast.pl\/wp-content\/uploads\/2019\/03\/Klogo.svg\",\"width\":1,\"height\":1,\"caption\":\"Przetw\u00f3rstwo Tworzyw Sztucznych KOMPLAST\"},\"image\":{\"@id\":\"https:\/\/komplast.pl\/#\/schema\/logo\/image\/\"}}]}<\/script>\n<!-- \/ Yoast SEO plugin. -->","yoast_head_json":{"title":"Zamek do teczki tekturowej | Przetw\u00f3rstwo Tworzyw Sztucznych KOMPLAST","robots":{"index":"index","follow":"follow","max-snippet":"max-snippet:-1","max-image-preview":"max-image-preview:large","max-video-preview":"max-video-preview:-1"},"canonical":"https:\/\/komplast.pl\/index.php\/oferta\/zamek-do-teczki-tekturowej\/","og_locale":"pl_PL","og_type":"article","og_title":"Zamek do teczki tekturowej | Przetw\u00f3rstwo Tworzyw Sztucznych KOMPLAST","og_description":"* Firma Komplast nie jest producentem teczek tekturowych. Do prezentacji oku\u0107 plastikowych naszej firmy wykorzystano tekturow\u0105 teczk\u0119 firmy Interdruk. ZAMEK DO TECZKI Zapi\u0119cie do teczek tekturowych czy walizeczek reklamowych, sk\u0142ada si\u0119 z korpusu wyposa\u017conego w d\u017awigienk\u0119 dociskow\u0105 oraz j\u0119zyczek. Zamki &hellip; Continue reading &rarr;","og_url":"https:\/\/komplast.pl\/index.php\/oferta\/zamek-do-teczki-tekturowej\/","og_site_name":"Przetw\u00f3rstwo Tworzyw Sztucznych KOMPLAST","article_modified_time":"2026-05-14T12:30:57+00:00","og_image":[{"url":"https:\/\/komplast.pl\/wp-content\/uploads\/2024\/03\/KafelkaRaczka.jpg"}],"twitter_card":"summary_large_image","twitter_misc":{"Szacowany czas czytania":"3 minuty"},"schema":{"@context":"https:\/\/schema.org","@graph":[{"@type":"WebPage","@id":"https:\/\/komplast.pl\/index.php\/oferta\/zamek-do-teczki-tekturowej\/","url":"https:\/\/komplast.pl\/index.php\/oferta\/zamek-do-teczki-tekturowej\/","name":"Zamek do teczki tekturowej | Przetw\u00f3rstwo Tworzyw Sztucznych KOMPLAST","isPartOf":{"@id":"https:\/\/komplast.pl\/#website"},"datePublished":"2019-02-02T10:10:36+00:00","dateModified":"2026-05-14T12:30:57+00:00","breadcrumb":{"@id":"https:\/\/komplast.pl\/index.php\/oferta\/zamek-do-teczki-tekturowej\/#breadcrumb"},"inLanguage":"pl-PL","potentialAction":[{"@type":"ReadAction","target":["https:\/\/komplast.pl\/index.php\/oferta\/zamek-do-teczki-tekturowej\/"]}]},{"@type":"BreadcrumbList","@id":"https:\/\/komplast.pl\/index.php\/oferta\/zamek-do-teczki-tekturowej\/#breadcrumb","itemListElement":[{"@type":"ListItem","position":1,"name":"Strona g\u0142\u00f3wna","item":"https:\/\/komplast.pl\/"},{"@type":"ListItem","position":2,"name":"OFERTA","item":"https:\/\/komplast.pl\/"},{"@type":"ListItem","position":3,"name":"Zamek do teczki tekturowej"}]},{"@type":"WebSite","@id":"https:\/\/komplast.pl\/#website","url":"https:\/\/komplast.pl\/","name":"Przetw\u00f3rstwo Tworzyw Sztucznych KOMPLAST","description":"Zapinki do pomidor\u00f3w oraz inne detale z tworzyw sztucznych","publisher":{"@id":"https:\/\/komplast.pl\/#organization"},"potentialAction":[{"@type":"SearchAction","target":{"@type":"EntryPoint","urlTemplate":"https:\/\/komplast.pl\/?s={search_term_string}"},"query-input":"required name=search_term_string"}],"inLanguage":"pl-PL"},{"@type":"Organization","@id":"https:\/\/komplast.pl\/#organization","name":"Przetw\u00f3rstwo Tworzyw Sztucznych KOMPLAST","url":"https:\/\/komplast.pl\/","logo":{"@type":"ImageObject","inLanguage":"pl-PL","@id":"https:\/\/komplast.pl\/#\/schema\/logo\/image\/","url":"https:\/\/komplast.pl\/wp-content\/uploads\/2019\/03\/Klogo.svg","contentUrl":"https:\/\/komplast.pl\/wp-content\/uploads\/2019\/03\/Klogo.svg","width":1,"height":1,"caption":"Przetw\u00f3rstwo Tworzyw Sztucznych KOMPLAST"},"image":{"@id":"https:\/\/komplast.pl\/#\/schema\/logo\/image\/"}}]}},"jetpack_sharing_enabled":true,"_links":{"self":[{"href":"https:\/\/komplast.pl\/index.php\/wp-json\/wp\/v2\/pages\/70","targetHints":{"allow":["GET"]}}],"collection":[{"href":"https:\/\/komplast.pl\/index.php\/wp-json\/wp\/v2\/pages"}],"about":[{"href":"https:\/\/komplast.pl\/index.php\/wp-json\/wp\/v2\/types\/page"}],"author":[{"embeddable":true,"href":"https:\/\/komplast.pl\/index.php\/wp-json\/wp\/v2\/users\/1"}],"replies":[{"embeddable":true,"href":"https:\/\/komplast.pl\/index.php\/wp-json\/wp\/v2\/comments?post=70"}],"version-history":[{"count":45,"href":"https:\/\/komplast.pl\/index.php\/wp-json\/wp\/v2\/pages\/70\/revisions"}],"predecessor-version":[{"id":3157,"href":"https:\/\/komplast.pl\/index.php\/wp-json\/wp\/v2\/pages\/70\/revisions\/3157"}],"up":[{"embeddable":true,"href":"https:\/\/komplast.pl\/index.php\/wp-json\/wp\/v2\/pages\/44"}],"wp:attachment":[{"href":"https:\/\/komplast.pl\/index.php\/wp-json\/wp\/v2\/media?parent=70"}],"curies":[{"name":"wp","href":"https:\/\/api.w.org\/{rel}","templated":true}]}}