{"id":211,"date":"2019-02-05T14:40:29","date_gmt":"2019-02-05T13:40:29","guid":{"rendered":"https:\/\/komplast.pl\/?page_id=211"},"modified":"2026-04-26T20:48:15","modified_gmt":"2026-04-26T19:48:15","slug":"ramki-do-raczek","status":"publish","type":"page","link":"https:\/\/komplast.pl\/index.php\/oferta\/ramki-do-raczek\/","title":{"rendered":"Ramki do r\u0105czek"},"content":{"rendered":"<div itemscope itemtype=\"http:\/\/schema.org\/Product\">\r\n<div class=\"flexbox\">\r\n  <div class=\"floatright item-first\">\r\n    <div id=\"ramki\" class=\"cssfader fade2\" style=\"position: relative; line-height:0; padding-bottom: 66.7%; overflow: hidden\" itemprop='image' itemscope itemtype='http:\/\/schema.org\/ImageObject'>\r\n      <a aria-label=\"Ramki do r\u0105czek\" href=\"#img1\"><p style=\"color: black\" class=\"lb-look lb-thumb\">&#x26B2;<\/p><\/a>\r\n      <picture>\r\n        <source srcSet=\"https:\/\/komplast.pl\/wp-content\/uploads\/2019\/10\/9d-Ramka-plastikowa-do-tektury.webp\" type=\"image\/webp\" \/>\r\n        <source srcSet=\"https:\/\/komplast.pl\/wp-content\/uploads\/2019\/06\/9d-Ramka-plastikowa-do-tektury.jpg\" type=\"image\/jpeg\" \/>\r\n        <img decoding=\"async\" id=\"sl1\" src=\"https:\/\/komplast.pl\/wp-content\/uploads\/2019\/06\/9d-Ramka-plastikowa-do-tektury.jpg\" alt=\"Plastikowe ramki do teczek tekturowych, obramowuj\u0105ce nasad\u0119 r\u0105czek plastikowych\" \/>\r\n      <\/picture>\r\n      <picture>\r\n        <source srcSet=\"https:\/\/komplast.pl\/wp-content\/uploads\/2019\/10\/9g-Plastikowa-ramka-i-raczka-do-teczek-z-tektury.webp\" type=\"image\/webp\" \/>\r\n        <source srcSet=\"https:\/\/komplast.pl\/wp-content\/uploads\/2019\/06\/9g-Plastikowa-ramka-i-raczka-do-teczek-z-tektury.jpg\" type=\"image\/jpeg\" \/>\r\n        <img decoding=\"async\" id=\"sl2\" src=\"https:\/\/komplast.pl\/wp-content\/uploads\/2019\/06\/9g-Plastikowa-ramka-i-raczka-do-teczek-z-tektury.jpg\" alt=\"Plastikowa r\u0105czka do teczek z dwoma plastikowymi stopkami mocuj\u0105cymi do przyk\u0142adowej teczki oraz ramk\u0105 wok\u00f3\u0142 stopek\" \/>\r\n      <\/picture>\r\n      <link itemprop='url' href='https:\/\/komplast.pl\/wp-content\/uploads\/2019\/10\/9d-Ramka-plastikowa-do-tektury.webp' \/>      \r\n    <\/div>\r\n  <\/div>\r\n  <div class=\"item-second\">\r\n    <center><h1 class=\"flexboxed\" itemprop=\"name\">RAMKA DO R\u0104CZKI PLASTIKOWEJ<\/h1><\/center>\r\n    <hr>\r\n    <span itemprop=\"description\">Plastikowa ramka na otw\u00f3r w teczce tekturowej, do prze\u0142o\u017cenia r\u0105czki. Do zastosowania np. przy wzmocnionych teczkach, czy teczkach lub pude\u0142kach do przenoszenia segregator\u00f3w z r\u0105czk\u0105.<\/span>\r\n    <hr>\r\n    Wymiary:\r\n    <ul>\r\n      <li>wewn\u0119trzne: 125mm x 18mm<\/li>\r\n      <li>zewn\u0119trzne: 139mm x 32mm<\/li>\r\n    <\/ul>\r\n    <hr>\r\n  <\/div>\r\n<\/div>\r\n<div class=\"item-second\" style=\"padding-bottom: 2em\" itemprop=\"offers\" itemscope itemtype=\"http:\/\/schema.org\/AggregateOffer\">\r\n    <!--Ceny detali przy zam\u00f3wieniu od 1000 szt:\r\n    <ul>\r\n      <li>czarne: <span itemprop=\"lowPrice\" content=\"0.50\">0,50<\/span> <span itemprop=\"priceCurrency\" content=\"PLN\">PLN<\/span> netto \/ szt<\/li>\r\n      <li>bia\u0142e i szare: <span itemprop=\"price\" content=\"0.53\">0,53<\/span> <span itemprop=\"priceCurrency\" content=\"PLN\">PLN<\/span> netto \/ szt<\/li>\r\n    <\/ul>\r\n  <hr>-->\r\n<\/div>\r\n<\/div>","protected":false},"excerpt":{"rendered":"<p>&#x26B2; RAMKA DO R\u0104CZKI PLASTIKOWEJ Plastikowa ramka na otw\u00f3r w teczce tekturowej, do prze\u0142o\u017cenia r\u0105czki. Do zastosowania np. przy wzmocnionych teczkach, czy teczkach lub pude\u0142kach do przenoszenia segregator\u00f3w z r\u0105czk\u0105. Wymiary: wewn\u0119trzne: 125mm x 18mm zewn\u0119trzne: 139mm x 32mm<\/p>\n","protected":false},"author":1,"featured_media":0,"parent":44,"menu_order":0,"comment_status":"closed","ping_status":"closed","template":"","meta":{"inline_featured_image":false,"footnotes":""},"class_list":["post-211","page","type-page","status-publish","hentry"],"yoast_head":"<!-- This site is optimized with the Yoast SEO plugin v20.1 - https:\/\/yoast.com\/wordpress\/plugins\/seo\/ -->\n<title>Ramki do r\u0105czek | Przetw\u00f3rstwo Tworzyw Sztucznych KOMPLAST<\/title>\n<meta name=\"robots\" content=\"index, follow, max-snippet:-1, max-image-preview:large, max-video-preview:-1\" \/>\n<link rel=\"canonical\" href=\"https:\/\/komplast.pl\/index.php\/oferta\/ramki-do-raczek\/\" \/>\n<meta property=\"og:locale\" content=\"pl_PL\" \/>\n<meta property=\"og:type\" content=\"article\" \/>\n<meta property=\"og:title\" content=\"Ramki do r\u0105czek | Przetw\u00f3rstwo Tworzyw Sztucznych KOMPLAST\" \/>\n<meta property=\"og:description\" content=\"&#x26B2; RAMKA DO R\u0104CZKI PLASTIKOWEJ Plastikowa ramka na otw\u00f3r w teczce tekturowej, do prze\u0142o\u017cenia r\u0105czki. Do zastosowania np. przy wzmocnionych teczkach, czy teczkach lub pude\u0142kach do przenoszenia segregator\u00f3w z r\u0105czk\u0105. Wymiary: wewn\u0119trzne: 125mm x 18mm zewn\u0119trzne: 139mm x 32mm\" \/>\n<meta property=\"og:url\" content=\"https:\/\/komplast.pl\/index.php\/oferta\/ramki-do-raczek\/\" \/>\n<meta property=\"og:site_name\" content=\"Przetw\u00f3rstwo Tworzyw Sztucznych KOMPLAST\" \/>\n<meta property=\"article:modified_time\" content=\"2026-04-26T19:48:15+00:00\" \/>\n<meta property=\"og:image\" content=\"https:\/\/komplast.pl\/wp-content\/uploads\/2019\/06\/9d-Ramka-plastikowa-do-tektury.jpg\" \/>\n<meta name=\"twitter:card\" content=\"summary_large_image\" \/>\n<meta name=\"twitter:label1\" content=\"Szacowany czas czytania\" \/>\n\t<meta name=\"twitter:data1\" content=\"1 minuta\" \/>\n<script type=\"application\/ld+json\" class=\"yoast-schema-graph\">{\"@context\":\"https:\/\/schema.org\",\"@graph\":[{\"@type\":\"WebPage\",\"@id\":\"https:\/\/komplast.pl\/index.php\/oferta\/ramki-do-raczek\/\",\"url\":\"https:\/\/komplast.pl\/index.php\/oferta\/ramki-do-raczek\/\",\"name\":\"Ramki do r\u0105czek | Przetw\u00f3rstwo Tworzyw Sztucznych KOMPLAST\",\"isPartOf\":{\"@id\":\"https:\/\/komplast.pl\/#website\"},\"datePublished\":\"2019-02-05T13:40:29+00:00\",\"dateModified\":\"2026-04-26T19:48:15+00:00\",\"breadcrumb\":{\"@id\":\"https:\/\/komplast.pl\/index.php\/oferta\/ramki-do-raczek\/#breadcrumb\"},\"inLanguage\":\"pl-PL\",\"potentialAction\":[{\"@type\":\"ReadAction\",\"target\":[\"https:\/\/komplast.pl\/index.php\/oferta\/ramki-do-raczek\/\"]}]},{\"@type\":\"BreadcrumbList\",\"@id\":\"https:\/\/komplast.pl\/index.php\/oferta\/ramki-do-raczek\/#breadcrumb\",\"itemListElement\":[{\"@type\":\"ListItem\",\"position\":1,\"name\":\"Strona g\u0142\u00f3wna\",\"item\":\"https:\/\/komplast.pl\/\"},{\"@type\":\"ListItem\",\"position\":2,\"name\":\"OFERTA\",\"item\":\"https:\/\/komplast.pl\/\"},{\"@type\":\"ListItem\",\"position\":3,\"name\":\"Ramki do r\u0105czek\"}]},{\"@type\":\"WebSite\",\"@id\":\"https:\/\/komplast.pl\/#website\",\"url\":\"https:\/\/komplast.pl\/\",\"name\":\"Przetw\u00f3rstwo Tworzyw Sztucznych KOMPLAST\",\"description\":\"Zapinki do pomidor\u00f3w oraz inne detale z tworzyw sztucznych\",\"publisher\":{\"@id\":\"https:\/\/komplast.pl\/#organization\"},\"potentialAction\":[{\"@type\":\"SearchAction\",\"target\":{\"@type\":\"EntryPoint\",\"urlTemplate\":\"https:\/\/komplast.pl\/?s={search_term_string}\"},\"query-input\":\"required name=search_term_string\"}],\"inLanguage\":\"pl-PL\"},{\"@type\":\"Organization\",\"@id\":\"https:\/\/komplast.pl\/#organization\",\"name\":\"Przetw\u00f3rstwo Tworzyw Sztucznych KOMPLAST\",\"url\":\"https:\/\/komplast.pl\/\",\"logo\":{\"@type\":\"ImageObject\",\"inLanguage\":\"pl-PL\",\"@id\":\"https:\/\/komplast.pl\/#\/schema\/logo\/image\/\",\"url\":\"https:\/\/komplast.pl\/wp-content\/uploads\/2019\/03\/Klogo.svg\",\"contentUrl\":\"https:\/\/komplast.pl\/wp-content\/uploads\/2019\/03\/Klogo.svg\",\"width\":1,\"height\":1,\"caption\":\"Przetw\u00f3rstwo Tworzyw Sztucznych KOMPLAST\"},\"image\":{\"@id\":\"https:\/\/komplast.pl\/#\/schema\/logo\/image\/\"}}]}<\/script>\n<!-- \/ Yoast SEO plugin. -->","yoast_head_json":{"title":"Ramki do r\u0105czek | Przetw\u00f3rstwo Tworzyw Sztucznych KOMPLAST","robots":{"index":"index","follow":"follow","max-snippet":"max-snippet:-1","max-image-preview":"max-image-preview:large","max-video-preview":"max-video-preview:-1"},"canonical":"https:\/\/komplast.pl\/index.php\/oferta\/ramki-do-raczek\/","og_locale":"pl_PL","og_type":"article","og_title":"Ramki do r\u0105czek | Przetw\u00f3rstwo Tworzyw Sztucznych KOMPLAST","og_description":"&#x26B2; RAMKA DO R\u0104CZKI PLASTIKOWEJ Plastikowa ramka na otw\u00f3r w teczce tekturowej, do prze\u0142o\u017cenia r\u0105czki. Do zastosowania np. przy wzmocnionych teczkach, czy teczkach lub pude\u0142kach do przenoszenia segregator\u00f3w z r\u0105czk\u0105. Wymiary: wewn\u0119trzne: 125mm x 18mm zewn\u0119trzne: 139mm x 32mm","og_url":"https:\/\/komplast.pl\/index.php\/oferta\/ramki-do-raczek\/","og_site_name":"Przetw\u00f3rstwo Tworzyw Sztucznych KOMPLAST","article_modified_time":"2026-04-26T19:48:15+00:00","og_image":[{"url":"https:\/\/komplast.pl\/wp-content\/uploads\/2019\/06\/9d-Ramka-plastikowa-do-tektury.jpg"}],"twitter_card":"summary_large_image","twitter_misc":{"Szacowany czas czytania":"1 minuta"},"schema":{"@context":"https:\/\/schema.org","@graph":[{"@type":"WebPage","@id":"https:\/\/komplast.pl\/index.php\/oferta\/ramki-do-raczek\/","url":"https:\/\/komplast.pl\/index.php\/oferta\/ramki-do-raczek\/","name":"Ramki do r\u0105czek | Przetw\u00f3rstwo Tworzyw Sztucznych KOMPLAST","isPartOf":{"@id":"https:\/\/komplast.pl\/#website"},"datePublished":"2019-02-05T13:40:29+00:00","dateModified":"2026-04-26T19:48:15+00:00","breadcrumb":{"@id":"https:\/\/komplast.pl\/index.php\/oferta\/ramki-do-raczek\/#breadcrumb"},"inLanguage":"pl-PL","potentialAction":[{"@type":"ReadAction","target":["https:\/\/komplast.pl\/index.php\/oferta\/ramki-do-raczek\/"]}]},{"@type":"BreadcrumbList","@id":"https:\/\/komplast.pl\/index.php\/oferta\/ramki-do-raczek\/#breadcrumb","itemListElement":[{"@type":"ListItem","position":1,"name":"Strona g\u0142\u00f3wna","item":"https:\/\/komplast.pl\/"},{"@type":"ListItem","position":2,"name":"OFERTA","item":"https:\/\/komplast.pl\/"},{"@type":"ListItem","position":3,"name":"Ramki do r\u0105czek"}]},{"@type":"WebSite","@id":"https:\/\/komplast.pl\/#website","url":"https:\/\/komplast.pl\/","name":"Przetw\u00f3rstwo Tworzyw Sztucznych KOMPLAST","description":"Zapinki do pomidor\u00f3w oraz inne detale z tworzyw sztucznych","publisher":{"@id":"https:\/\/komplast.pl\/#organization"},"potentialAction":[{"@type":"SearchAction","target":{"@type":"EntryPoint","urlTemplate":"https:\/\/komplast.pl\/?s={search_term_string}"},"query-input":"required name=search_term_string"}],"inLanguage":"pl-PL"},{"@type":"Organization","@id":"https:\/\/komplast.pl\/#organization","name":"Przetw\u00f3rstwo Tworzyw Sztucznych KOMPLAST","url":"https:\/\/komplast.pl\/","logo":{"@type":"ImageObject","inLanguage":"pl-PL","@id":"https:\/\/komplast.pl\/#\/schema\/logo\/image\/","url":"https:\/\/komplast.pl\/wp-content\/uploads\/2019\/03\/Klogo.svg","contentUrl":"https:\/\/komplast.pl\/wp-content\/uploads\/2019\/03\/Klogo.svg","width":1,"height":1,"caption":"Przetw\u00f3rstwo Tworzyw Sztucznych KOMPLAST"},"image":{"@id":"https:\/\/komplast.pl\/#\/schema\/logo\/image\/"}}]}},"jetpack_sharing_enabled":true,"_links":{"self":[{"href":"https:\/\/komplast.pl\/index.php\/wp-json\/wp\/v2\/pages\/211","targetHints":{"allow":["GET"]}}],"collection":[{"href":"https:\/\/komplast.pl\/index.php\/wp-json\/wp\/v2\/pages"}],"about":[{"href":"https:\/\/komplast.pl\/index.php\/wp-json\/wp\/v2\/types\/page"}],"author":[{"embeddable":true,"href":"https:\/\/komplast.pl\/index.php\/wp-json\/wp\/v2\/users\/1"}],"replies":[{"embeddable":true,"href":"https:\/\/komplast.pl\/index.php\/wp-json\/wp\/v2\/comments?post=211"}],"version-history":[{"count":40,"href":"https:\/\/komplast.pl\/index.php\/wp-json\/wp\/v2\/pages\/211\/revisions"}],"predecessor-version":[{"id":2411,"href":"https:\/\/komplast.pl\/index.php\/wp-json\/wp\/v2\/pages\/211\/revisions\/2411"}],"up":[{"embeddable":true,"href":"https:\/\/komplast.pl\/index.php\/wp-json\/wp\/v2\/pages\/44"}],"wp:attachment":[{"href":"https:\/\/komplast.pl\/index.php\/wp-json\/wp\/v2\/media?parent=211"}],"curies":[{"name":"wp","href":"https:\/\/api.w.org\/{rel}","templated":true}]}}